{"id":31,"date":"2025-12-29T02:39:55","date_gmt":"2025-12-29T01:39:55","guid":{"rendered":"https:\/\/polityka-od-zera.pl\/?page_id=31"},"modified":"2025-12-29T20:21:59","modified_gmt":"2025-12-29T19:21:59","slug":"polityka-od-zera","status":"publish","type":"page","link":"https:\/\/polityka-od-zera.pl\/?page_id=31","title":{"rendered":"Misja"},"content":{"rendered":"\n<hr class=\"wp-block-separator has-alpha-channel-opacity\"\/>\n\n\n\n<p>Polityka od zera to projekt dla os\u00f3b, kt\u00f3re nie rozumiej\u0105 polskiej polityki \u2014 i nie chc\u0105 si\u0119 jej wstydzi\u0107.<br>Ucz\u0119 si\u0119 jej od podstaw i t\u0142umacz\u0119 tak, jak sam chcia\u0142bym j\u0105 rozumie\u0107: prosto, spokojnie i bez \u017cargonu.<\/p>\n\n\n\n<hr class=\"wp-block-separator has-alpha-channel-opacity\"\/>\n\n\n\n<p>Dlaczego \u201ePolityka od zera\u201d?<\/p>\n\n\n\n<p>Bo wiele os\u00f3b nie interesuje si\u0119 polityk\u0105 nie dlatego, \u017ce ich nie obchodzi, ale dlatego, \u017ce jest niejasna, pe\u0142na skr\u00f3t\u00f3w i konflikt\u00f3w. Ja te\u017c tak mia\u0142em.<\/p>\n\n\n\n<p>Ten projekt powsta\u0142 z my\u015bl\u0105 o osobach, kt\u00f3re zaczynaj\u0105 od zera \u2014 tak jak ja. Ucz\u0119 si\u0119, sprawdzam \u017ar\u00f3d\u0142a i t\u0142umacz\u0119 polsk\u0105 polityk\u0119 prostym j\u0119zykiem, bez za\u0142o\u017cenia, \u017ce \u201ewszyscy wiedz\u0105, jak to dzia\u0142a\u201d.<\/p>\n\n\n\n<p>Nie m\u00f3wi\u0119, jak my\u015ble\u0107. Staram si\u0119 pokazywa\u0107 fakty, kontekst i r\u00f3\u017cne stanowiska, \u017ceby ka\u017cdy m\u00f3g\u0142 wyrobi\u0107 sobie w\u0142asne zdanie.<\/p>\n\n\n\n<p>Je\u015bli czujesz, \u017ce polityka Ci\u0119 dotyczy, ale dot\u0105d by\u0142a niezrozumia\u0142a \u2014 jeste\u015b w dobrym miejscu.<\/p>\n\n\n\n<div class=\"wp-block-group alignfull has-background-color\" style=\"margin-top:0;margin-bottom:0;padding-top:var(--wp--preset--spacing--40);padding-right:var(--wp--preset--spacing--30);padding-bottom:var(--wp--preset--spacing--40);padding-left:var(--wp--preset--spacing--30)\"><div class=\"wp-block-group__inner-container is-layout-constrained wp-container-core-group-is-layout-91a691eb wp-block-group-is-layout-constrained\">\n<div class=\"wp-block-group alignwide is-content-justification-space-between is-layout-flex wp-container-core-group-is-layout-256aec57 wp-block-group-is-layout-flex\">\n<div class=\"wp-block-group is-layout-flex wp-block-group-is-layout-flex\"><nav class=\"has-small-font-size is-responsive items-justified-left wp-block-navigation is-content-justification-left is-layout-flex wp-container-core-navigation-is-layout-c8d6fb0b wp-block-navigation-is-layout-flex\" aria-label=\"Nawigacja\" \n\t\t data-wp-interactive=\"core\/navigation\" data-wp-context='{\"overlayOpenedBy\":{\"click\":false,\"hover\":false,\"focus\":false},\"type\":\"overlay\",\"roleAttribute\":\"\",\"ariaLabel\":\"Menu\"}'><button aria-haspopup=\"dialog\" aria-label=\"Open menu\" class=\"wp-block-navigation__responsive-container-open\" \n\t\t\t\tdata-wp-on--click=\"actions.openMenuOnClick\"\n\t\t\t\tdata-wp-on--keydown=\"actions.handleMenuKeydown\"\n\t\t\t><svg width=\"24\" height=\"24\" xmlns=\"http:\/\/www.w3.org\/2000\/svg\" viewBox=\"0 0 24 24\" aria-hidden=\"true\" focusable=\"false\"><path d=\"M4 7.5h16v1.5H4z\"><\/path><path d=\"M4 15h16v1.5H4z\"><\/path><\/svg><\/button>\n\t\t\t\t<div class=\"wp-block-navigation__responsive-container\"  id=\"modal-1\" \n\t\t\t\tdata-wp-class--has-modal-open=\"state.isMenuOpen\"\n\t\t\t\tdata-wp-class--is-menu-open=\"state.isMenuOpen\"\n\t\t\t\tdata-wp-watch=\"callbacks.initMenu\"\n\t\t\t\tdata-wp-on--keydown=\"actions.handleMenuKeydown\"\n\t\t\t\tdata-wp-on--focusout=\"actions.handleMenuFocusout\"\n\t\t\t\ttabindex=\"-1\"\n\t\t\t>\n\t\t\t\t\t<div class=\"wp-block-navigation__responsive-close\" tabindex=\"-1\">\n\t\t\t\t\t\t<div class=\"wp-block-navigation__responsive-dialog\" \n\t\t\t\tdata-wp-bind--aria-modal=\"state.ariaModal\"\n\t\t\t\tdata-wp-bind--aria-label=\"state.ariaLabel\"\n\t\t\t\tdata-wp-bind--role=\"state.roleAttribute\"\n\t\t\t>\n\t\t\t\t\t\t\t<button aria-label=\"Close menu\" class=\"wp-block-navigation__responsive-container-close\" \n\t\t\t\tdata-wp-on--click=\"actions.closeMenuOnClick\"\n\t\t\t><svg xmlns=\"http:\/\/www.w3.org\/2000\/svg\" viewBox=\"0 0 24 24\" width=\"24\" height=\"24\" aria-hidden=\"true\" focusable=\"false\"><path d=\"m13.06 12 6.47-6.47-1.06-1.06L12 10.94 5.53 4.47 4.47 5.53 10.94 12l-6.47 6.47 1.06 1.06L12 13.06l6.47 6.47 1.06-1.06L13.06 12Z\"><\/path><\/svg><\/button>\n\t\t\t\t\t\t\t<div class=\"wp-block-navigation__responsive-container-content\" \n\t\t\t\tdata-wp-watch=\"callbacks.focusFirstElement\"\n\t\t\t id=\"modal-1-content\">\n\t\t\t\t\t\t\t\t<ul class=\"wp-block-navigation__container has-small-font-size is-responsive items-justified-left wp-block-navigation has-small-font-size\"><ul class=\"has-small-font-size wp-block-page-list\"><li class=\"wp-block-pages-list__item wp-block-navigation-item open-on-hover-click\"><a class=\"wp-block-pages-list__item__link wp-block-navigation-item__content\" href=\"https:\/\/polityka-od-zera.pl\/?page_id=31\">Misja<\/a><\/li><li class=\"wp-block-pages-list__item wp-block-navigation-item open-on-hover-click menu-item-home\"><a class=\"wp-block-pages-list__item__link wp-block-navigation-item__content\" href=\"https:\/\/polityka-od-zera.pl\/?page_id=94\">Quiz<\/a><\/li><\/ul><\/ul>\n\t\t\t\t\t\t\t<\/div>\n\t\t\t\t\t\t<\/div>\n\t\t\t\t\t<\/div>\n\t\t\t\t<\/div><\/nav><\/div>\n\n\n\n<p class=\"has-small-font-size\"> Z dum\u0105 wspierane przez <a rel=\"nofollow\" href=\"https:\/\/wordpress.org\">WordPress<\/a> <\/p>\n<\/div>\n<\/div><\/div>\n\n\n\n<p><\/p>\n","protected":false},"excerpt":{"rendered":"<p>Polityka od zera to projekt dla os\u00f3b, kt\u00f3re nie rozumiej\u0105 polskiej polityki \u2014 i nie chc\u0105 si\u0119 jej wstydzi\u0107.Ucz\u0119 si\u0119 jej od podstaw i t\u0142umacz\u0119 tak, jak sam chcia\u0142bym j\u0105 rozumie\u0107: prosto, spokojnie i bez \u017cargonu. Dlaczego \u201ePolityka od zera\u201d? Bo wiele os\u00f3b nie interesuje si\u0119 polityk\u0105 nie dlatego, \u017ce ich nie obchodzi, ale dlatego, &#8230; <a title=\"Misja\" class=\"read-more\" href=\"https:\/\/polityka-od-zera.pl\/?page_id=31\" aria-label=\"Read more about Misja\">Read more<\/a><\/p>\n","protected":false},"author":1,"featured_media":0,"parent":0,"menu_order":0,"comment_status":"closed","ping_status":"closed","template":"","meta":{"footnotes":""},"class_list":["post-31","page","type-page","status-publish"],"_links":{"self":[{"href":"https:\/\/polityka-od-zera.pl\/index.php?rest_route=\/wp\/v2\/pages\/31","targetHints":{"allow":["GET"]}}],"collection":[{"href":"https:\/\/polityka-od-zera.pl\/index.php?rest_route=\/wp\/v2\/pages"}],"about":[{"href":"https:\/\/polityka-od-zera.pl\/index.php?rest_route=\/wp\/v2\/types\/page"}],"author":[{"embeddable":true,"href":"https:\/\/polityka-od-zera.pl\/index.php?rest_route=\/wp\/v2\/users\/1"}],"replies":[{"embeddable":true,"href":"https:\/\/polityka-od-zera.pl\/index.php?rest_route=%2Fwp%2Fv2%2Fcomments&post=31"}],"version-history":[{"count":5,"href":"https:\/\/polityka-od-zera.pl\/index.php?rest_route=\/wp\/v2\/pages\/31\/revisions"}],"predecessor-version":[{"id":51,"href":"https:\/\/polityka-od-zera.pl\/index.php?rest_route=\/wp\/v2\/pages\/31\/revisions\/51"}],"wp:attachment":[{"href":"https:\/\/polityka-od-zera.pl\/index.php?rest_route=%2Fwp%2Fv2%2Fmedia&parent=31"}],"curies":[{"name":"wp","href":"https:\/\/api.w.org\/{rel}","templated":true}]}}